{"id":53,"date":"2023-11-22T10:25:28","date_gmt":"2023-11-22T09:25:28","guid":{"rendered":"https:\/\/nordiccrane.com\/no\/?page_id=53"},"modified":"2024-03-06T14:49:53","modified_gmt":"2024-03-06T13:49:53","slug":"minikran","status":"publish","type":"page","link":"https:\/\/nordiccrane.com\/no\/maskinpark\/minikran\/","title":{"rendered":"Spesialkran"},"content":{"rendered":"\n<div class=\"wp-block-group alignfull has-green-background-color has-background eplus-wrapper\"><div class=\"wp-block-group__inner-container is-layout-constrained wp-block-group-is-layout-constrained\">\n<div style=\"height:20px\" aria-hidden=\"true\" class=\"hide-mobile wp-block-spacer eplus-wrapper\"><\/div>\n\n\n\n<div style=\"height:20px\" aria-hidden=\"true\" class=\" wp-block-spacer eplus-wrapper\"><\/div>\n\n\n\n<div class=\"wp-block-group eplus-wrapper\"><div class=\"wp-block-group__inner-container is-layout-constrained wp-block-group-is-layout-constrained\"><div class=\"fade-scale-in wp-block-columns eplus-wrapper is-layout-flex wp-container-core-columns-is-layout-9d6595d7 wp-block-columns-is-layout-flex eplus-styles-uid-7fce20\">\n<div class=\"wp-block-column is-vertically-aligned-center eplus-wrapper is-layout-flow wp-block-column-is-layout-flow\" style=\"flex-basis:45%\">\n<p class=\"small-title eplus-wrapper\">MASKINPARK<\/p>\n\n\n\n<h2 class=\" wp-block-heading eplus-wrapper\">Spesialkran<\/h2>\n\n\n\n<p class=\" eplus-wrapper\">Nordic Crane har kraner i alle st\u00f8rrelser og til alle typer l\u00f8ft. Utover tradisjonelle mobilkraner har vi ogs\u00e5 et godt utvalg av spesialkraner.\u00a0<\/p>\n<\/div>\n\n\n\n<div class=\"wp-block-column eplus-wrapper is-layout-flow wp-block-column-is-layout-flow\" style=\"flex-basis:5%\"><\/div>\n\n\n\n<div class=\"wp-block-column is-vertically-aligned-center eplus-wrapper is-layout-flow wp-block-column-is-layout-flow\" style=\"flex-basis:50%\"><figure class=\"skew-img-page-top wp-block-image size-large eplus-wrapper eplus-styles-uid-cbf413\"><img loading=\"lazy\" decoding=\"async\" width=\"1024\" height=\"674\" src=\"https:\/\/nordiccrane.com\/no\/wp-content\/uploads\/sites\/2\/2024\/01\/IMG_9897-scaled-e1706195340572-1024x674.jpeg\" alt=\"\" class=\"wp-image-22724\" srcset=\"https:\/\/nordiccrane.com\/no\/wp-content\/uploads\/sites\/2\/2024\/01\/IMG_9897-scaled-e1706195340572-1024x674.jpeg 1024w, https:\/\/nordiccrane.com\/no\/wp-content\/uploads\/sites\/2\/2024\/01\/IMG_9897-scaled-e1706195340572-300x197.jpeg 300w, https:\/\/nordiccrane.com\/no\/wp-content\/uploads\/sites\/2\/2024\/01\/IMG_9897-scaled-e1706195340572-768x506.jpeg 768w, https:\/\/nordiccrane.com\/no\/wp-content\/uploads\/sites\/2\/2024\/01\/IMG_9897-scaled-e1706195340572-1536x1011.jpeg 1536w, https:\/\/nordiccrane.com\/no\/wp-content\/uploads\/sites\/2\/2024\/01\/IMG_9897-scaled-e1706195340572-2048x1348.jpeg 2048w\" sizes=\"auto, (max-width: 1024px) 100vw, 1024px\" \/><\/figure><\/div>\n<\/div><\/div><\/div>\n\n\n\n<div style=\"height:40px\" aria-hidden=\"true\" class=\"hide-mobile wp-block-spacer eplus-wrapper\"><\/div>\n<\/div><\/div>\n\n\n\n<div class=\"wp-block-group alignfull has-light-blue-background-color has-background eplus-wrapper\" id=\"intro\"><div class=\"wp-block-group__inner-container is-layout-constrained wp-block-group-is-layout-constrained\">\n<div style=\"height:35px\" aria-hidden=\"true\" class=\" wp-block-spacer eplus-wrapper\"><\/div>\n\n\n\n<div style=\"height:35px\" aria-hidden=\"true\" class=\"hide-mobile wp-block-spacer eplus-wrapper\"><\/div>\n\n\n\n<div class=\"wp-block-group eplus-wrapper\"><div class=\"wp-block-group__inner-container is-layout-constrained wp-block-group-is-layout-constrained\"><div class=\"wp-block-columns eplus-wrapper is-layout-flex wp-container-core-columns-is-layout-9d6595d7 wp-block-columns-is-layout-flex eplus-styles-uid-de9f45\">\n<div class=\"wp-block-column eplus-wrapper is-layout-flow wp-block-column-is-layout-flow\" style=\"flex-basis:70%\">\n<p class=\" eplus-wrapper\">Minikraner som er godt egnet til mindre l\u00f8ft innend\u00f8rs eller for eksempel p\u00e5 trange omr\u00e5der. Vi har ogs\u00e5 et antall forskjellige typer teleskoplastere, trucker og hjullastere.<\/p>\n\n\n\n<div style=\"height:44px\" aria-hidden=\"true\" class=\" wp-block-spacer eplus-wrapper\"><\/div>\n\n\n\n<figure class=\" wp-block-image size-full eplus-wrapper\"><img loading=\"lazy\" decoding=\"async\" width=\"2560\" height=\"1693\" src=\"https:\/\/nordiccrane.com\/no\/wp-content\/uploads\/sites\/2\/2024\/01\/IMG_0297-scaled-e1706195382341.jpeg\" alt=\"\" class=\"wp-image-22727\" srcset=\"https:\/\/nordiccrane.com\/no\/wp-content\/uploads\/sites\/2\/2024\/01\/IMG_0297-scaled-e1706195382341.jpeg 2560w, https:\/\/nordiccrane.com\/no\/wp-content\/uploads\/sites\/2\/2024\/01\/IMG_0297-scaled-e1706195382341-300x198.jpeg 300w, https:\/\/nordiccrane.com\/no\/wp-content\/uploads\/sites\/2\/2024\/01\/IMG_0297-scaled-e1706195382341-1024x677.jpeg 1024w, https:\/\/nordiccrane.com\/no\/wp-content\/uploads\/sites\/2\/2024\/01\/IMG_0297-scaled-e1706195382341-768x508.jpeg 768w, https:\/\/nordiccrane.com\/no\/wp-content\/uploads\/sites\/2\/2024\/01\/IMG_0297-scaled-e1706195382341-1536x1016.jpeg 1536w, https:\/\/nordiccrane.com\/no\/wp-content\/uploads\/sites\/2\/2024\/01\/IMG_0297-scaled-e1706195382341-2048x1354.jpeg 2048w\" sizes=\"auto, (max-width: 2560px) 100vw, 2560px\" \/><\/figure>\n<\/div>\n\n\n\n<div class=\"wp-block-column eplus-wrapper is-layout-flow wp-block-column-is-layout-flow\" style=\"flex-basis:5%\"><\/div>\n\n\n\n<div class=\"wp-block-column eplus-wrapper is-layout-flow wp-block-column-is-layout-flow\" style=\"flex-basis:25%\"><div class=\"wp-block-columns are-vertically-aligned-center is-not-stacked-on-mobile has-white-background-color has-background eplus-wrapper is-layout-flex wp-container-core-columns-is-layout-9d6595d7 wp-block-columns-is-layout-flex eplus-styles-uid-9a8307\">\n<div class=\"wp-block-column is-vertically-aligned-center eplus-wrapper is-layout-flow wp-block-column-is-layout-flow\" style=\"flex-basis:1%\"><\/div>\n\n\n\n<div class=\"wp-block-column is-vertically-aligned-center eplus-wrapper is-layout-flow wp-block-column-is-layout-flow\" style=\"flex-basis:96%\">\n<div style=\"height:20px\" aria-hidden=\"true\" class=\" wp-block-spacer eplus-wrapper\"><\/div>\n\n\n\n<p class=\" eplus-wrapper\"><strong>Booking kran:<\/strong> <a href=\"tel:+47%20815%2011%20511\">+47 815 11 511<\/a><\/p>\n\n\n\n<div style=\"height:10px\" aria-hidden=\"true\" class=\" wp-block-spacer eplus-wrapper\"><\/div>\n<\/div>\n\n\n\n<div class=\"wp-block-column is-vertically-aligned-center eplus-wrapper is-layout-flow wp-block-column-is-layout-flow\" style=\"flex-basis:1%\"><\/div>\n<\/div>\n\n\n<div style=\"height:15px\" aria-hidden=\"true\" class=\" wp-block-spacer eplus-wrapper\"><\/div>\n\n\n<div class=\"wp-block-columns are-vertically-aligned-center is-not-stacked-on-mobile has-white-background-color has-background eplus-wrapper is-layout-flex wp-container-core-columns-is-layout-9d6595d7 wp-block-columns-is-layout-flex eplus-styles-uid-a90262\">\n<div class=\"wp-block-column is-vertically-aligned-center eplus-wrapper is-layout-flow wp-block-column-is-layout-flow\" style=\"flex-basis:1%\"><\/div>\n\n\n\n<div class=\"wp-block-column is-vertically-aligned-center eplus-wrapper is-layout-flow wp-block-column-is-layout-flow\" style=\"flex-basis:96%\">\n<div style=\"height:20px\" aria-hidden=\"true\" class=\" wp-block-spacer eplus-wrapper\"><\/div>\n\n\n\n<p class=\" eplus-wrapper\"><strong>Booking transport:\u00a0<\/strong><a href=\"tel:+47%2069%2036%2036%2036\">+47 69 36 36 36<\/a><\/p>\n\n\n\n<div style=\"height:10px\" aria-hidden=\"true\" class=\" wp-block-spacer eplus-wrapper\"><\/div>\n<\/div>\n\n\n\n<div class=\"wp-block-column is-vertically-aligned-center eplus-wrapper is-layout-flow wp-block-column-is-layout-flow\" style=\"flex-basis:1%\"><\/div>\n<\/div>\n\n\n<div style=\"height:30px\" aria-hidden=\"true\" class=\" wp-block-spacer eplus-wrapper\"><\/div>\n\n\n<div class=\"wp-block-columns is-not-stacked-on-mobile has-white-background-color has-background eplus-wrapper is-layout-flex wp-container-core-columns-is-layout-9d6595d7 wp-block-columns-is-layout-flex eplus-styles-uid-7a2f89\">\n<div class=\"wp-block-column eplus-wrapper is-layout-flow wp-block-column-is-layout-flow\" style=\"flex-basis:2%\"><\/div>\n\n\n\n<div class=\"wp-block-column eplus-wrapper is-layout-flow wp-block-column-is-layout-flow\" style=\"flex-basis:96%\">\n<div style=\"height:41px\" aria-hidden=\"true\" class=\" wp-block-spacer eplus-wrapper\"><\/div>\n\n\n\n<div class=\"wp-block-buttons eplus-wrapper is-layout-flex wp-block-buttons-is-layout-flex\"><div class=\" wp-block-button eplus-wrapper eplus-styles-uid-91c3e4\"><a class=\"wp-block-button__link has-blue-background-color has-background wp-element-button\" href=\"https:\/\/nordiccrane.com\/no\/krankalkulator\/\">Krankalkulator<\/a><\/div>\n\n<div class=\" wp-block-button eplus-wrapper eplus-styles-uid-b68914\"><a class=\"wp-block-button__link has-blue-background-color has-background wp-element-button\" href=\"https:\/\/nordiccrane.com\/no\/loftetabeller\/\">Se l\u00f8ftetabell<\/a><\/div><\/div>\n\n\n\n<div style=\"height:41px\" aria-hidden=\"true\" class=\" wp-block-spacer eplus-wrapper\"><\/div>\n<\/div>\n\n\n\n<div class=\"wp-block-column eplus-wrapper is-layout-flow wp-block-column-is-layout-flow\" style=\"flex-basis:2%\"><\/div>\n<\/div><\/div>\n<\/div><\/div><\/div>\n\n\n\n<div style=\"height:100px\" aria-hidden=\"true\" class=\" wp-block-spacer eplus-wrapper\"><\/div>\n\n\n\n<div style=\"height:100px\" aria-hidden=\"true\" class=\"hide-mobile wp-block-spacer eplus-wrapper\"><\/div>\n<\/div><\/div>\n\n\n\n<div class=\"clearspace wp-block-group alignfull eplus-wrapper\"><div class=\"wp-block-group__inner-container is-layout-constrained wp-block-group-is-layout-constrained\">\n<div class=\"no-margin-left no-padding no-margin wp-block-group alignwide eplus-wrapper\"><div class=\"wp-block-group__inner-container is-layout-constrained wp-block-group-is-layout-constrained\"><div class=\"no-padding no-margin wp-block-columns alignfull eplus-wrapper is-layout-flex wp-container-core-columns-is-layout-9d6595d7 wp-block-columns-is-layout-flex eplus-styles-uid-add53f\">\n<div class=\"no-padding no-margin wp-block-column eplus-wrapper is-layout-flow wp-block-column-is-layout-flow\"><div class=\"wp-block-columns eplus-wrapper is-layout-flex wp-container-core-columns-is-layout-9d6595d7 wp-block-columns-is-layout-flex eplus-styles-uid-96dca0\">\n<div class=\"wp-block-column eplus-wrapper is-layout-flow wp-block-column-is-layout-flow\">\n<p class=\" has-text-align-center eplus-wrapper\">NYHETER<\/p>\n\n\n\n<h3 class=\" wp-block-heading has-text-align-center eplus-wrapper\"><a href=\"https:\/\/nordiccrane.com\/no\/nyheter\/\" data-type=\"page\" data-id=\"24\">Nyheter fra Nordic Crane<\/a><\/h3>\n<\/div>\n<\/div>\n\n\n<div style=\"height:50px\" aria-hidden=\"true\" class=\" wp-block-spacer eplus-wrapper\"><\/div>\n\n\n\n<div class=\"no-margin-left no-padding no-margin wp-block-query eplus-wrapper is-layout-flow wp-block-query-is-layout-flow\"><ul class=\"columns-3 no-padding no-margin wp-block-post-template is-layout-grid wp-container-core-post-template-is-layout-2fc57c17 wp-block-post-template-is-layout-grid\"><li class=\"wp-block-post post-24592 post type-post status-publish format-standard has-post-thumbnail hentry category-prosjekter\">\n\n<div class=\"no-padding no-margin-left no-margin wp-block-group eplus-wrapper\" style=\"padding-top:30px;padding-right:30px;padding-bottom:30px;padding-left:30px\"><div class=\"wp-block-group__inner-container is-layout-flow wp-block-group-is-layout-flow\"><figure style=\"aspect-ratio:3\/2;\" class=\"wp-block-post-featured-image\"><a href=\"https:\/\/nordiccrane.com\/no\/byttet-jernbanebro-i-fredrikstad\/prosjekter\/\" target=\"_self\"><img loading=\"lazy\" decoding=\"async\" width=\"2560\" height=\"1469\" src=\"https:\/\/nordiccrane.com\/no\/wp-content\/uploads\/sites\/2\/2026\/04\/20260418_-Nordic-crane-Fredrikstad-bruloft-78.jpg\" class=\"attachment-post-thumbnail size-post-thumbnail wp-post-image\" alt=\"Byttet jernbanebro i Fredrikstad\" style=\"width:100%;height:100%;object-fit:cover;\" srcset=\"https:\/\/nordiccrane.com\/no\/wp-content\/uploads\/sites\/2\/2026\/04\/20260418_-Nordic-crane-Fredrikstad-bruloft-78.jpg 2560w, https:\/\/nordiccrane.com\/no\/wp-content\/uploads\/sites\/2\/2026\/04\/20260418_-Nordic-crane-Fredrikstad-bruloft-78-300x172.jpg 300w, https:\/\/nordiccrane.com\/no\/wp-content\/uploads\/sites\/2\/2026\/04\/20260418_-Nordic-crane-Fredrikstad-bruloft-78-1024x588.jpg 1024w, https:\/\/nordiccrane.com\/no\/wp-content\/uploads\/sites\/2\/2026\/04\/20260418_-Nordic-crane-Fredrikstad-bruloft-78-768x441.jpg 768w, https:\/\/nordiccrane.com\/no\/wp-content\/uploads\/sites\/2\/2026\/04\/20260418_-Nordic-crane-Fredrikstad-bruloft-78-1536x881.jpg 1536w, https:\/\/nordiccrane.com\/no\/wp-content\/uploads\/sites\/2\/2026\/04\/20260418_-Nordic-crane-Fredrikstad-bruloft-78-2048x1175.jpg 2048w\" sizes=\"auto, (max-width: 2560px) 100vw, 2560px\"><\/a><\/figure>\n\n<div class=\"wp-block-post-date\"><time datetime=\"2026-04-22T10:29:01+02:00\">22. april 2026<\/time><\/div>\n\n<h4 class=\"wp-block-post-title\"><a href=\"https:\/\/nordiccrane.com\/no\/byttet-jernbanebro-i-fredrikstad\/prosjekter\/\" target=\"_self\">Byttet jernbanebro i Fredrikstad<\/a><\/h4>\n\n\n<div style=\"height:10px\" aria-hidden=\"true\" class=\" wp-block-spacer eplus-wrapper\"><\/div>\n\n\n<div class=\"mini-arrow-round wp-block-post-excerpt\"><p class=\"wp-block-post-excerpt__excerpt\">En ny jernbanebro p\u00e5 23 meter og n\u00e6rmere 95 tonn\u2026<\/p><p class=\"wp-block-post-excerpt__more-text\"><a class=\"wp-block-post-excerpt__more-link\" href=\"https:\/\/nordiccrane.com\/no\/byttet-jernbanebro-i-fredrikstad\/prosjekter\/\">L<\/a><\/p><\/div>\n\n\n<div style=\"height:10px\" aria-hidden=\"true\" class=\" wp-block-spacer eplus-wrapper\"><\/div>\n<\/div><\/div>\n\n<\/li><li class=\"wp-block-post post-24515 post type-post status-publish format-standard has-post-thumbnail hentry category-prosjekter\">\n\n<div class=\"no-padding no-margin-left no-margin wp-block-group eplus-wrapper\" style=\"padding-top:30px;padding-right:30px;padding-bottom:30px;padding-left:30px\"><div class=\"wp-block-group__inner-container is-layout-flow wp-block-group-is-layout-flow\"><figure style=\"aspect-ratio:3\/2;\" class=\"wp-block-post-featured-image\"><a href=\"https:\/\/nordiccrane.com\/no\/kompleks-jobb-i-lysekil\/prosjekter\/\" target=\"_self\"><img loading=\"lazy\" decoding=\"async\" width=\"2560\" height=\"1920\" src=\"https:\/\/nordiccrane.com\/no\/wp-content\/uploads\/sites\/2\/2026\/02\/bild-20251203-143530-73094b7d.jpeg\" class=\"attachment-post-thumbnail size-post-thumbnail wp-post-image\" alt=\"Kompleks jobb i Lysekil\" style=\"width:100%;height:100%;object-fit:cover;\" srcset=\"https:\/\/nordiccrane.com\/no\/wp-content\/uploads\/sites\/2\/2026\/02\/bild-20251203-143530-73094b7d.jpeg 2560w, https:\/\/nordiccrane.com\/no\/wp-content\/uploads\/sites\/2\/2026\/02\/bild-20251203-143530-73094b7d-300x225.jpeg 300w, https:\/\/nordiccrane.com\/no\/wp-content\/uploads\/sites\/2\/2026\/02\/bild-20251203-143530-73094b7d-1024x768.jpeg 1024w, https:\/\/nordiccrane.com\/no\/wp-content\/uploads\/sites\/2\/2026\/02\/bild-20251203-143530-73094b7d-768x576.jpeg 768w, https:\/\/nordiccrane.com\/no\/wp-content\/uploads\/sites\/2\/2026\/02\/bild-20251203-143530-73094b7d-1536x1152.jpeg 1536w, https:\/\/nordiccrane.com\/no\/wp-content\/uploads\/sites\/2\/2026\/02\/bild-20251203-143530-73094b7d-2048x1536.jpeg 2048w\" sizes=\"auto, (max-width: 2560px) 100vw, 2560px\"><\/a><\/figure>\n\n<div class=\"wp-block-post-date\"><time datetime=\"2026-02-11T10:27:26+01:00\">11. februar 2026<\/time><\/div>\n\n<h4 class=\"wp-block-post-title\"><a href=\"https:\/\/nordiccrane.com\/no\/kompleks-jobb-i-lysekil\/prosjekter\/\" target=\"_self\">Kompleks jobb i Lysekil<\/a><\/h4>\n\n\n<div style=\"height:10px\" aria-hidden=\"true\" class=\" wp-block-spacer eplus-wrapper\"><\/div>\n\n\n<div class=\"mini-arrow-round wp-block-post-excerpt\"><p class=\"wp-block-post-excerpt__excerpt\">I l\u00f8pet av desember m\u00e5ned har vi gjennomf\u00f8rt flere transporter\u2026<\/p><p class=\"wp-block-post-excerpt__more-text\"><a class=\"wp-block-post-excerpt__more-link\" href=\"https:\/\/nordiccrane.com\/no\/kompleks-jobb-i-lysekil\/prosjekter\/\">L<\/a><\/p><\/div>\n\n\n<div style=\"height:10px\" aria-hidden=\"true\" class=\" wp-block-spacer eplus-wrapper\"><\/div>\n<\/div><\/div>\n\n<\/li><li class=\"wp-block-post post-24379 post type-post status-publish format-standard has-post-thumbnail hentry category-prosjekter\">\n\n<div class=\"no-padding no-margin-left no-margin wp-block-group eplus-wrapper\" style=\"padding-top:30px;padding-right:30px;padding-bottom:30px;padding-left:30px\"><div class=\"wp-block-group__inner-container is-layout-flow wp-block-group-is-layout-flow\"><figure style=\"aspect-ratio:3\/2;\" class=\"wp-block-post-featured-image\"><a href=\"https:\/\/nordiccrane.com\/no\/montering-og-innheising-av-kulvert\/prosjekter\/\" target=\"_self\"><img loading=\"lazy\" decoding=\"async\" width=\"2560\" height=\"1438\" src=\"https:\/\/nordiccrane.com\/no\/wp-content\/uploads\/sites\/2\/2025\/10\/Lofting-av-kulvert-Lillehammer-september-2025-Foto-Stein-Johnsen-2-2.jpg\" class=\"attachment-post-thumbnail size-post-thumbnail wp-post-image\" alt=\"Montering og innheising av  kulvert\" style=\"width:100%;height:100%;object-fit:cover;\" srcset=\"https:\/\/nordiccrane.com\/no\/wp-content\/uploads\/sites\/2\/2025\/10\/Lofting-av-kulvert-Lillehammer-september-2025-Foto-Stein-Johnsen-2-2.jpg 2560w, https:\/\/nordiccrane.com\/no\/wp-content\/uploads\/sites\/2\/2025\/10\/Lofting-av-kulvert-Lillehammer-september-2025-Foto-Stein-Johnsen-2-2-300x169.jpg 300w, https:\/\/nordiccrane.com\/no\/wp-content\/uploads\/sites\/2\/2025\/10\/Lofting-av-kulvert-Lillehammer-september-2025-Foto-Stein-Johnsen-2-2-1024x575.jpg 1024w, https:\/\/nordiccrane.com\/no\/wp-content\/uploads\/sites\/2\/2025\/10\/Lofting-av-kulvert-Lillehammer-september-2025-Foto-Stein-Johnsen-2-2-768x431.jpg 768w, https:\/\/nordiccrane.com\/no\/wp-content\/uploads\/sites\/2\/2025\/10\/Lofting-av-kulvert-Lillehammer-september-2025-Foto-Stein-Johnsen-2-2-1536x863.jpg 1536w, https:\/\/nordiccrane.com\/no\/wp-content\/uploads\/sites\/2\/2025\/10\/Lofting-av-kulvert-Lillehammer-september-2025-Foto-Stein-Johnsen-2-2-2048x1150.jpg 2048w\" sizes=\"auto, (max-width: 2560px) 100vw, 2560px\"><\/a><\/figure>\n\n<div class=\"wp-block-post-date\"><time datetime=\"2025-10-17T11:17:58+02:00\">17. oktober 2025<\/time><\/div>\n\n<h4 class=\"wp-block-post-title\"><a href=\"https:\/\/nordiccrane.com\/no\/montering-og-innheising-av-kulvert\/prosjekter\/\" target=\"_self\">Montering og innheising av  kulvert<\/a><\/h4>\n\n\n<div style=\"height:10px\" aria-hidden=\"true\" class=\" wp-block-spacer eplus-wrapper\"><\/div>\n\n\n<div class=\"mini-arrow-round wp-block-post-excerpt\"><p class=\"wp-block-post-excerpt__excerpt\">Da ViaCon skulle montere en ny st\u00e5lr\u00f8rskulvert under E6 ved\u2026<\/p><p class=\"wp-block-post-excerpt__more-text\"><a class=\"wp-block-post-excerpt__more-link\" href=\"https:\/\/nordiccrane.com\/no\/montering-og-innheising-av-kulvert\/prosjekter\/\">L<\/a><\/p><\/div>\n\n\n<div style=\"height:10px\" aria-hidden=\"true\" class=\" wp-block-spacer eplus-wrapper\"><\/div>\n<\/div><\/div>\n\n<\/li><\/ul><\/div>\n<\/div>\n<\/div><\/div><\/div>\n\n\n\n<div style=\"height:100px\" aria-hidden=\"true\" class=\" wp-block-spacer eplus-wrapper\"><\/div>\n\n\n\n<div style=\"height:50px\" aria-hidden=\"true\" class=\"hide-mobile wp-block-spacer eplus-wrapper\"><\/div>\n<\/div><\/div>\n","protected":false},"excerpt":{"rendered":"<p>MASKINPARK Spesialkran Nordic Crane har kraner i alle st\u00f8rrelser og til alle typer l\u00f8ft. Utover tradisjonelle mobilkraner har vi ogs\u00e5 et godt utvalg av spesialkraner.&nbsp; Minikraner som er godt egnet til mindre l\u00f8ft innend\u00f8rs eller for eksempel p\u00e5 trange omr\u00e5der. Vi har ogs\u00e5 et antall forskjellige typer teleskoplastere, trucker og hjullastere. Booking kran: +47 815 [&hellip;]<\/p>\n","protected":false},"author":1,"featured_media":0,"parent":12,"menu_order":0,"comment_status":"closed","ping_status":"closed","template":"","meta":{"_acf_changed":false,"inline_featured_image":false,"_editorskit_title_hidden":false,"_editorskit_reading_time":0,"_editorskit_is_block_options_detached":false,"_editorskit_block_options_position":"{}","editor_plus_copied_stylings":"{}","footnotes":""},"class_list":["post-53","page","type-page","status-publish","hentry"],"acf":[],"featured_image_src":null,"yoast_head":"<!-- This site is optimized with the Yoast SEO plugin v27.4 - https:\/\/yoast.com\/product\/yoast-seo-wordpress\/ -->\n<title>Spesialkran - Nordic Crane Norge<\/title>\n<meta name=\"robots\" content=\"index, follow, max-snippet:-1, max-image-preview:large, max-video-preview:-1\" \/>\n<link rel=\"canonical\" href=\"https:\/\/nordiccrane.com\/no\/maskinpark\/minikran\/\" \/>\n<meta property=\"og:locale\" content=\"nb_NO\" \/>\n<meta property=\"og:type\" content=\"article\" \/>\n<meta property=\"og:title\" content=\"Nordic Crane - Spesialkraner\" \/>\n<meta property=\"og:description\" content=\"Nordic Crane har kraner i alle st\u00f8rrelser og til alle typer l\u00f8ft. Utover tradisjonelle mobilkraner har vi ogs\u00e5 et godt utvalg av spesialkraner.\u00a0\" \/>\n<meta property=\"og:url\" content=\"https:\/\/nordiccrane.com\/no\/maskinpark\/minikran\/\" \/>\n<meta property=\"og:site_name\" content=\"Nordic Crane Norge\" \/>\n<meta property=\"article:modified_time\" content=\"2024-03-06T13:49:53+00:00\" \/>\n<meta property=\"og:image\" content=\"https:\/\/nordiccrane.com\/no\/wp-content\/uploads\/sites\/2\/2024\/01\/IMG_9897-scaled-e1706195340572.jpeg\" \/>\n\t<meta property=\"og:image:width\" content=\"2560\" \/>\n\t<meta property=\"og:image:height\" content=\"1685\" \/>\n\t<meta property=\"og:image:type\" content=\"image\/jpeg\" \/>\n<meta name=\"twitter:card\" content=\"summary_large_image\" \/>\n<meta name=\"twitter:label1\" content=\"Ansl. lesetid\" \/>\n\t<meta name=\"twitter:data1\" content=\"1 minutt\" \/>\n<script type=\"application\/ld+json\" class=\"yoast-schema-graph\">{\"@context\":\"https:\\\/\\\/schema.org\",\"@graph\":[{\"@type\":\"WebPage\",\"@id\":\"https:\\\/\\\/nordiccrane.com\\\/no\\\/maskinpark\\\/minikran\\\/\",\"url\":\"https:\\\/\\\/nordiccrane.com\\\/no\\\/maskinpark\\\/minikran\\\/\",\"name\":\"Spesialkran - Nordic Crane Norge\",\"isPartOf\":{\"@id\":\"https:\\\/\\\/nordiccrane.com\\\/no\\\/#website\"},\"primaryImageOfPage\":{\"@id\":\"https:\\\/\\\/nordiccrane.com\\\/no\\\/maskinpark\\\/minikran\\\/#primaryimage\"},\"image\":{\"@id\":\"https:\\\/\\\/nordiccrane.com\\\/no\\\/maskinpark\\\/minikran\\\/#primaryimage\"},\"thumbnailUrl\":\"https:\\\/\\\/nordiccrane.com\\\/no\\\/wp-content\\\/uploads\\\/sites\\\/2\\\/2024\\\/01\\\/IMG_9897-scaled-e1706195340572-1024x674.jpeg\",\"datePublished\":\"2023-11-22T09:25:28+00:00\",\"dateModified\":\"2024-03-06T13:49:53+00:00\",\"breadcrumb\":{\"@id\":\"https:\\\/\\\/nordiccrane.com\\\/no\\\/maskinpark\\\/minikran\\\/#breadcrumb\"},\"inLanguage\":\"nb-NO\",\"potentialAction\":[{\"@type\":\"ReadAction\",\"target\":[\"https:\\\/\\\/nordiccrane.com\\\/no\\\/maskinpark\\\/minikran\\\/\"]}]},{\"@type\":\"ImageObject\",\"inLanguage\":\"nb-NO\",\"@id\":\"https:\\\/\\\/nordiccrane.com\\\/no\\\/maskinpark\\\/minikran\\\/#primaryimage\",\"url\":\"https:\\\/\\\/nordiccrane.com\\\/no\\\/wp-content\\\/uploads\\\/sites\\\/2\\\/2024\\\/01\\\/IMG_9897-scaled-e1706195340572.jpeg\",\"contentUrl\":\"https:\\\/\\\/nordiccrane.com\\\/no\\\/wp-content\\\/uploads\\\/sites\\\/2\\\/2024\\\/01\\\/IMG_9897-scaled-e1706195340572.jpeg\",\"width\":2560,\"height\":1685},{\"@type\":\"BreadcrumbList\",\"@id\":\"https:\\\/\\\/nordiccrane.com\\\/no\\\/maskinpark\\\/minikran\\\/#breadcrumb\",\"itemListElement\":[{\"@type\":\"ListItem\",\"position\":1,\"name\":\"Home\",\"item\":\"https:\\\/\\\/nordiccrane.com\\\/no\\\/\"},{\"@type\":\"ListItem\",\"position\":2,\"name\":\"Maskinpark\",\"item\":\"https:\\\/\\\/nordiccrane.com\\\/no\\\/maskinpark\\\/\"},{\"@type\":\"ListItem\",\"position\":3,\"name\":\"Spesialkran\"}]},{\"@type\":\"WebSite\",\"@id\":\"https:\\\/\\\/nordiccrane.com\\\/no\\\/#website\",\"url\":\"https:\\\/\\\/nordiccrane.com\\\/no\\\/\",\"name\":\"Nordic Crane Norge\",\"description\":\"\",\"potentialAction\":[{\"@type\":\"SearchAction\",\"target\":{\"@type\":\"EntryPoint\",\"urlTemplate\":\"https:\\\/\\\/nordiccrane.com\\\/no\\\/?s={search_term_string}\"},\"query-input\":{\"@type\":\"PropertyValueSpecification\",\"valueRequired\":true,\"valueName\":\"search_term_string\"}}],\"inLanguage\":\"nb-NO\"}]}<\/script>\n<!-- \/ Yoast SEO plugin. -->","yoast_head_json":{"title":"Spesialkran - Nordic Crane Norge","robots":{"index":"index","follow":"follow","max-snippet":"max-snippet:-1","max-image-preview":"max-image-preview:large","max-video-preview":"max-video-preview:-1"},"canonical":"https:\/\/nordiccrane.com\/no\/maskinpark\/minikran\/","og_locale":"nb_NO","og_type":"article","og_title":"Nordic Crane - Spesialkraner","og_description":"Nordic Crane har kraner i alle st\u00f8rrelser og til alle typer l\u00f8ft. Utover tradisjonelle mobilkraner har vi ogs\u00e5 et godt utvalg av spesialkraner.\u00a0","og_url":"https:\/\/nordiccrane.com\/no\/maskinpark\/minikran\/","og_site_name":"Nordic Crane Norge","article_modified_time":"2024-03-06T13:49:53+00:00","og_image":[{"width":2560,"height":1685,"url":"https:\/\/nordiccrane.com\/no\/wp-content\/uploads\/sites\/2\/2024\/01\/IMG_9897-scaled-e1706195340572.jpeg","type":"image\/jpeg"}],"twitter_card":"summary_large_image","twitter_misc":{"Ansl. lesetid":"1 minutt"},"schema":{"@context":"https:\/\/schema.org","@graph":[{"@type":"WebPage","@id":"https:\/\/nordiccrane.com\/no\/maskinpark\/minikran\/","url":"https:\/\/nordiccrane.com\/no\/maskinpark\/minikran\/","name":"Spesialkran - Nordic Crane Norge","isPartOf":{"@id":"https:\/\/nordiccrane.com\/no\/#website"},"primaryImageOfPage":{"@id":"https:\/\/nordiccrane.com\/no\/maskinpark\/minikran\/#primaryimage"},"image":{"@id":"https:\/\/nordiccrane.com\/no\/maskinpark\/minikran\/#primaryimage"},"thumbnailUrl":"https:\/\/nordiccrane.com\/no\/wp-content\/uploads\/sites\/2\/2024\/01\/IMG_9897-scaled-e1706195340572-1024x674.jpeg","datePublished":"2023-11-22T09:25:28+00:00","dateModified":"2024-03-06T13:49:53+00:00","breadcrumb":{"@id":"https:\/\/nordiccrane.com\/no\/maskinpark\/minikran\/#breadcrumb"},"inLanguage":"nb-NO","potentialAction":[{"@type":"ReadAction","target":["https:\/\/nordiccrane.com\/no\/maskinpark\/minikran\/"]}]},{"@type":"ImageObject","inLanguage":"nb-NO","@id":"https:\/\/nordiccrane.com\/no\/maskinpark\/minikran\/#primaryimage","url":"https:\/\/nordiccrane.com\/no\/wp-content\/uploads\/sites\/2\/2024\/01\/IMG_9897-scaled-e1706195340572.jpeg","contentUrl":"https:\/\/nordiccrane.com\/no\/wp-content\/uploads\/sites\/2\/2024\/01\/IMG_9897-scaled-e1706195340572.jpeg","width":2560,"height":1685},{"@type":"BreadcrumbList","@id":"https:\/\/nordiccrane.com\/no\/maskinpark\/minikran\/#breadcrumb","itemListElement":[{"@type":"ListItem","position":1,"name":"Home","item":"https:\/\/nordiccrane.com\/no\/"},{"@type":"ListItem","position":2,"name":"Maskinpark","item":"https:\/\/nordiccrane.com\/no\/maskinpark\/"},{"@type":"ListItem","position":3,"name":"Spesialkran"}]},{"@type":"WebSite","@id":"https:\/\/nordiccrane.com\/no\/#website","url":"https:\/\/nordiccrane.com\/no\/","name":"Nordic Crane Norge","description":"","potentialAction":[{"@type":"SearchAction","target":{"@type":"EntryPoint","urlTemplate":"https:\/\/nordiccrane.com\/no\/?s={search_term_string}"},"query-input":{"@type":"PropertyValueSpecification","valueRequired":true,"valueName":"search_term_string"}}],"inLanguage":"nb-NO"}]}},"_links":{"self":[{"href":"https:\/\/nordiccrane.com\/no\/wp-json\/wp\/v2\/pages\/53","targetHints":{"allow":["GET"]}}],"collection":[{"href":"https:\/\/nordiccrane.com\/no\/wp-json\/wp\/v2\/pages"}],"about":[{"href":"https:\/\/nordiccrane.com\/no\/wp-json\/wp\/v2\/types\/page"}],"author":[{"embeddable":true,"href":"https:\/\/nordiccrane.com\/no\/wp-json\/wp\/v2\/users\/1"}],"replies":[{"embeddable":true,"href":"https:\/\/nordiccrane.com\/no\/wp-json\/wp\/v2\/comments?post=53"}],"version-history":[{"count":33,"href":"https:\/\/nordiccrane.com\/no\/wp-json\/wp\/v2\/pages\/53\/revisions"}],"predecessor-version":[{"id":23518,"href":"https:\/\/nordiccrane.com\/no\/wp-json\/wp\/v2\/pages\/53\/revisions\/23518"}],"up":[{"embeddable":true,"href":"https:\/\/nordiccrane.com\/no\/wp-json\/wp\/v2\/pages\/12"}],"wp:attachment":[{"href":"https:\/\/nordiccrane.com\/no\/wp-json\/wp\/v2\/media?parent=53"}],"curies":[{"name":"wp","href":"https:\/\/api.w.org\/{rel}","templated":true}]}}