{"id":20046,"date":"2023-12-06T12:44:31","date_gmt":"2023-12-06T11:44:31","guid":{"rendered":"https:\/\/nordiccrane.com\/no\/?page_id=20046"},"modified":"2026-03-05T10:18:31","modified_gmt":"2026-03-05T09:18:31","slug":"om-oss","status":"publish","type":"page","link":"https:\/\/nordiccrane.com\/se\/om-oss\/","title":{"rendered":"Om oss"},"content":{"rendered":"\n<div class=\"wp-block-group alignfull has-green-background-color has-background eplus-wrapper\"><div class=\"wp-block-group__inner-container is-layout-constrained wp-block-group-is-layout-constrained\">\n<div style=\"height:40px\" aria-hidden=\"true\" class=\"hide-mobile wp-block-spacer eplus-wrapper\"><\/div>\n\n\n\n<div class=\"no-margin no-padding wp-block-group eplus-wrapper\"><div class=\"wp-block-group__inner-container is-layout-constrained wp-block-group-is-layout-constrained\"><div class=\"wp-block-columns eplus-wrapper is-layout-flex wp-container-core-columns-is-layout-9d6595d7 wp-block-columns-is-layout-flex eplus-styles-uid-7d6f25\">\n<div class=\"wp-block-column is-vertically-aligned-center eplus-wrapper is-layout-flow wp-block-column-is-layout-flow\" style=\"flex-basis:45%\">\n<p class=\"small-title eplus-wrapper\">OM OSS<\/p>\n\n\n\n<h2 class=\" wp-block-heading eplus-wrapper\">Om Nordic Crane<\/h2>\n\n\n\n<p class=\" eplus-wrapper\">P\u00e5 Nordic Crane \u00e4r vi engagerade i s\u00e4kerhet, effektivitet och smarta innovativa l\u00f6sningar. Med \u00f6ver 80 \u00e5rs erfarenhet, 350 starka, moderna och effektiva maskiner och 400 professionella och engagerade medarbetare levererar vi tunga lyft, specialtransporter och komplexa uppdrag till hela Skandinavien.<\/p>\n<\/div>\n\n\n\n<div class=\"wp-block-column eplus-wrapper is-layout-flow wp-block-column-is-layout-flow\" style=\"flex-basis:5%\"><\/div>\n\n\n\n<div class=\"wp-block-column is-vertically-aligned-center eplus-wrapper is-layout-flow wp-block-column-is-layout-flow\" style=\"flex-basis:50%\"><figure class=\"skew-img-page-top wp-block-image size-large eplus-wrapper eplus-styles-uid-cbf413\"><img decoding=\"async\" src=\"https:\/\/nordiccrane.com\/no\/wp-content\/uploads\/sites\/2\/2024\/01\/231120-_B201649-329-2-1-edited-1-1024x640.jpg\" alt=\"\" class=\"wp-image-21946\"><\/figure><\/div>\n<\/div><\/div><\/div>\n\n\n\n<div style=\"height:40px\" aria-hidden=\"true\" class=\"hide-mobile wp-block-spacer eplus-wrapper\"><\/div>\n<\/div><\/div>\n\n\n\n<div style=\"height:50px\" aria-hidden=\"true\" class=\"hide-mobile wp-block-spacer eplus-wrapper\"><\/div>\n\n\n\n<div id=\"intro\" class=\"wp-block-group eplus-wrapper\"><div class=\"wp-block-group__inner-container is-layout-constrained wp-block-group-is-layout-constrained\"><div class=\"wp-block-columns eplus-wrapper is-layout-flex wp-container-core-columns-is-layout-9d6595d7 wp-block-columns-is-layout-flex eplus-styles-uid-07533d\">\n<div class=\"wp-block-column eplus-wrapper is-layout-flow wp-block-column-is-layout-flow\" style=\"flex-basis:20%\">\n<div style=\"height:7px\" aria-hidden=\"true\" class=\" wp-block-spacer eplus-wrapper\"><\/div>\n\n\n<p class=\" eplus-wrapper eplus-styles-uid-442aa8\"><\/p>\n\n\n<div style=\"height:7px\" aria-hidden=\"true\" class=\" wp-block-spacer eplus-wrapper\"><\/div>\n<\/div>\n\n\n\n<div class=\"wp-block-column eplus-wrapper is-layout-flow wp-block-column-is-layout-flow\" style=\"flex-basis:60%\">\n<p class=\" eplus-wrapper\"><strong><strong>Alla typer av tunga lyft<\/strong><\/strong><\/p>\n\n\n\n<p class=\" eplus-wrapper\">Vi \u00e4r en leverant\u00f6r av alla typer tunga lyft. B\u00e5da de mindre lyften som m\u00e5ste vara effektiva och precisa, men ocks\u00e5 de stora, komplexa lyften som kr\u00e4ver l\u00e5ng erfarenhet och bred kompetens. F\u00f6r att kunna leverera b\u00e4sta m\u00f6jliga service \u00e4r vi beroende av kunniga personer med r\u00e4tt kompetens och de senaste och mest effektiva och innovativa maskinerna. Det \u00e4r den kombinationen som g\u00f6r att du som kund f\u00e5r den b\u00e4sta leveransen fr\u00e5n oss och k\u00e4nner dig trygg genom hela projektet.<\/p>\n\n\n\n<p class=\" eplus-wrapper\"><a href=\"https:\/\/nordiccrane.com\/no\/nyheter?_sft_category=prosjekter\">V\u00e5ra <\/a><a href=\"https:\/\/nordiccrane.com\/se\/nyheter\/?_sft_category=projekter\">projekt<\/a><\/p>\n\n\n\n<p class=\" eplus-wrapper\"><strong><strong>Levererar till hela Skandinavien<\/strong><\/strong><\/p>\n\n\n\n<p class=\" eplus-wrapper\">Vi investerar kraftigt f\u00f6r framtiden och levererar v\u00e5ra tj\u00e4nster till hela Skandinavien. Vi arbetar h\u00e5rt varje dag f\u00f6r att vara den f\u00f6redragna leverant\u00f6ren av alla typer av tunga lyft, komplexa projekt och teknik inom segmenten industri, infrastruktur, olja och gas, bygg och vindkraft.<\/p>\n\n\n\n<p class=\" eplus-wrapper\"><a href=\"https:\/\/nordiccrane.com\/se\/tjanster\/\">V\u00e5re tj\u00e4nster<\/a><\/p>\n\n\n\n<p class=\" eplus-wrapper\"><strong><strong>V\u00e5r viktigaste resurs \u00e4r v\u00e5ra medarbetare<\/strong><\/strong><\/p>\n\n\n\n<p class=\" eplus-wrapper\">V\u00e5r viktigaste resurs \u00e4r v\u00e5ra medarbetare och tillsammans arbetar vi h\u00e5rt f\u00f6r att skapa en h\u00e4lsosam och s\u00e4ker arbetsplats. Vi s\u00e4tter v\u00e5ra personals s\u00e4kerhet f\u00f6rst och str\u00e4var efter att alla ska komma hem trygga \u2013 hela livet. Vi s\u00e4tter s\u00e4kerheten f\u00f6rst och arbetar kontinuerligt med ISO-certifieringar och uppr\u00e4ttar viktiga policys f\u00f6r att v\u00e5ra medarbetare ska ha en trygg och s\u00e4ker arbetsplats. Genom rekrytering, utveckling och stimulans vill vi p\u00e5 Nordic Crane vara en attraktiv arbetsgivare f\u00f6r alla v\u00e5ra medarbetare. Vi fokuserar oupph\u00f6rligt p\u00e5 utbildnings- och utvecklingsplaner f\u00f6r alla som arbetar hos oss och arbetar h\u00e5rt f\u00f6r att vara en attraktiv arbetsplats.<\/p>\n\n\n\n<p class=\" eplus-wrapper\"><a href=\"https:\/\/nordiccrane.com\/se\/kontakt\/anstallda\/\">V\u00e5ra medarbetare<\/a> og <a href=\"https:\/\/nordiccrane.com\/se\/hse-qs\/\">HSE\/QS<\/a><\/p>\n\n\n\n<p class=\" eplus-wrapper\"><strong>Det gr\u00f6na alternativet<\/strong><\/p>\n\n\n\n<p class=\" eplus-wrapper\">F\u00f6r att bidra till en b\u00e4ttre framtid tar vi milj\u00f6n p\u00e5 allvar. N\u00e4r vi investerar t\u00e4nker vi gr\u00f6nt och passar p\u00e5 att nya maskiner uppfyller marknadens milj\u00f6krav. Vi fokuserar p\u00e5 milj\u00f6v\u00e4nliga maskiner och ett j\u00e4mt \u00f6kande minskning av CO2-avtrycket. Helelektriska maskiner har redan rullat in genom v\u00e5ra d\u00f6rrar och \u00e4r ute p\u00e5 arbete. Vi \u00e4r stolta \u00f6ver att vara det gr\u00f6na alternativet och vill forts\u00e4tta detta viktiga arbete f\u00f6r en gr\u00f6nare framtid.<\/p>\n\n\n\n<p class=\" eplus-wrapper\"><a href=\"https:\/\/nordiccrane.com\/se\/om-oss\/miljo\/\">Det gr\u00f6na alternativet<\/a><\/p>\n\n\n\n<p class=\" eplus-wrapper\"><a href=\"https:\/\/nordiccrane.com\/se\/kontakt\/\">Kontakta oss i dag!<\/a><\/p>\n<\/div>\n\n\n\n<div class=\"wp-block-column eplus-wrapper is-layout-flow wp-block-column-is-layout-flow\" style=\"flex-basis:20%\"><\/div>\n<\/div><\/div><\/div>\n\n\n\n<div style=\"height:100px\" aria-hidden=\"true\" class=\"hide-mobile wp-block-spacer eplus-wrapper\"><\/div>\n\n\n\n<div style=\"height:40px\" aria-hidden=\"true\" class=\" wp-block-spacer eplus-wrapper\"><\/div>\n\n\n\n<div class=\"wp-block-group alignfull has-light-blue-background-color has-background eplus-wrapper\"><div class=\"wp-block-group__inner-container is-layout-constrained wp-block-group-is-layout-constrained\">\n<div class=\"wp-block-group alignfull eplus-wrapper\"><div class=\"wp-block-group__inner-container is-layout-constrained wp-block-group-is-layout-constrained\"><div class=\"no-margin-left wp-block-columns alignfull eplus-wrapper is-layout-flex wp-container-core-columns-is-layout-9d6595d7 wp-block-columns-is-layout-flex eplus-styles-uid-4e136e\">\n<div class=\"wp-block-column eplus-wrapper is-layout-flow wp-block-column-is-layout-flow\">\n<div style=\"height:60px\" aria-hidden=\"true\" class=\" wp-block-spacer eplus-wrapper\"><\/div>\n\n\n<div class=\"wp-block-columns eplus-wrapper is-layout-flex wp-container-core-columns-is-layout-9d6595d7 wp-block-columns-is-layout-flex eplus-styles-uid-969938\">\n<div class=\"wp-block-column eplus-wrapper is-layout-flow wp-block-column-is-layout-flow\" style=\"flex-basis:5px\"><\/div>\n\n\n\n<div class=\"wp-block-column eplus-wrapper is-layout-flow wp-block-column-is-layout-flow\" style=\"flex-basis:90%\">\n<p class=\"small-title eplus-wrapper\">NYHETER<\/p>\n\n\n\n<h3 class=\" wp-block-heading eplus-wrapper\"><a href=\"https:\/\/nordiccrane.com\/no\/nyheter\/\" data-type=\"page\" data-id=\"24\">Nyheter fra Nordic Crane<\/a><\/h3>\n<\/div>\n<\/div>\n\n\n<div style=\"height:20px\" aria-hidden=\"true\" class=\"hide-mobile wp-block-spacer eplus-wrapper\"><\/div>\n\n\n\n<div class=\"wp-block-query eplus-wrapper is-layout-flow wp-block-query-is-layout-flow\"><ul class=\"columns-3 wp-block-post-template is-layout-grid wp-container-core-post-template-is-layout-2fc57c17 wp-block-post-template-is-layout-grid\"><li class=\"wp-block-post post-23491 post type-post status-publish format-standard has-post-thumbnail hentry category-referensprojekt\">\n\n<div class=\"wp-block-group eplus-wrapper\" style=\"padding-top:30px;padding-right:30px;padding-bottom:30px;padding-left:30px\"><div class=\"wp-block-group__inner-container is-layout-flow wp-block-group-is-layout-flow\"><figure style=\"aspect-ratio:3\/2;\" class=\"wp-block-post-featured-image\"><a href=\"https:\/\/nordiccrane.com\/se\/byte-av-jarnvagsbro-i-fredrikstad\/referensprojekt\/\" target=\"_self\"><img loading=\"lazy\" decoding=\"async\" width=\"2560\" height=\"1456\" src=\"https:\/\/nordiccrane.com\/se\/wp-content\/uploads\/sites\/3\/2026\/04\/20260418_-Nordic-crane-Fredrikstad-bruloft-82.jpg\" class=\"attachment-post-thumbnail size-post-thumbnail wp-post-image\" alt=\"Byte av j\u00e4rnv\u00e4gsbro i Fredrikstad\" style=\"width:100%;height:100%;object-fit:cover;\" srcset=\"https:\/\/nordiccrane.com\/se\/wp-content\/uploads\/sites\/3\/2026\/04\/20260418_-Nordic-crane-Fredrikstad-bruloft-82.jpg 2560w, https:\/\/nordiccrane.com\/se\/wp-content\/uploads\/sites\/3\/2026\/04\/20260418_-Nordic-crane-Fredrikstad-bruloft-82-300x171.jpg 300w, https:\/\/nordiccrane.com\/se\/wp-content\/uploads\/sites\/3\/2026\/04\/20260418_-Nordic-crane-Fredrikstad-bruloft-82-1024x582.jpg 1024w, https:\/\/nordiccrane.com\/se\/wp-content\/uploads\/sites\/3\/2026\/04\/20260418_-Nordic-crane-Fredrikstad-bruloft-82-768x437.jpg 768w, https:\/\/nordiccrane.com\/se\/wp-content\/uploads\/sites\/3\/2026\/04\/20260418_-Nordic-crane-Fredrikstad-bruloft-82-1536x874.jpg 1536w, https:\/\/nordiccrane.com\/se\/wp-content\/uploads\/sites\/3\/2026\/04\/20260418_-Nordic-crane-Fredrikstad-bruloft-82-2048x1165.jpg 2048w\" sizes=\"auto, (max-width: 2560px) 100vw, 2560px\"><\/a><\/figure>\n\n<div class=\"wp-block-post-date\"><time datetime=\"2026-04-23T11:15:46+02:00\">23 april 2026<\/time><\/div>\n\n<h4 class=\"wp-block-post-title\"><a href=\"https:\/\/nordiccrane.com\/se\/byte-av-jarnvagsbro-i-fredrikstad\/referensprojekt\/\" target=\"_self\">Byte av j\u00e4rnv\u00e4gsbro i Fredrikstad<\/a><\/h4>\n\n\n<div style=\"height:10px\" aria-hidden=\"true\" class=\" wp-block-spacer eplus-wrapper\"><\/div>\n\n\n<div class=\"mini-arrow-round wp-block-post-excerpt\"><p class=\"wp-block-post-excerpt__excerpt\">En ny j\u00e4rnv\u00e4gsbro p\u00e5 23 meter och n\u00e4rmare 95 ton\u2026<\/p><p class=\"wp-block-post-excerpt__more-text\"><a class=\"wp-block-post-excerpt__more-link\" href=\"https:\/\/nordiccrane.com\/se\/byte-av-jarnvagsbro-i-fredrikstad\/referensprojekt\/\">L<\/a><\/p><\/div>\n\n\n<div style=\"height:10px\" aria-hidden=\"true\" class=\" wp-block-spacer eplus-wrapper\"><\/div>\n<\/div><\/div>\n\n<\/li><li class=\"wp-block-post post-23442 post type-post status-publish format-standard has-post-thumbnail hentry category-referensprojekt\">\n\n<div class=\"wp-block-group eplus-wrapper\" style=\"padding-top:30px;padding-right:30px;padding-bottom:30px;padding-left:30px\"><div class=\"wp-block-group__inner-container is-layout-flow wp-block-group-is-layout-flow\"><figure style=\"aspect-ratio:3\/2;\" class=\"wp-block-post-featured-image\"><a href=\"https:\/\/nordiccrane.com\/se\/komplekst-uppdrag-i-lysekil\/referensprojekt\/\" target=\"_self\"><img loading=\"lazy\" decoding=\"async\" width=\"2560\" height=\"1920\" src=\"https:\/\/nordiccrane.com\/se\/wp-content\/uploads\/sites\/3\/2026\/02\/bild-20251203-143530-73094b7d-1.jpeg\" class=\"attachment-post-thumbnail size-post-thumbnail wp-post-image\" alt=\"Komplekst uppdrag i Lysekil\" style=\"width:100%;height:100%;object-fit:cover;\" srcset=\"https:\/\/nordiccrane.com\/se\/wp-content\/uploads\/sites\/3\/2026\/02\/bild-20251203-143530-73094b7d-1.jpeg 2560w, https:\/\/nordiccrane.com\/se\/wp-content\/uploads\/sites\/3\/2026\/02\/bild-20251203-143530-73094b7d-1-300x225.jpeg 300w, https:\/\/nordiccrane.com\/se\/wp-content\/uploads\/sites\/3\/2026\/02\/bild-20251203-143530-73094b7d-1-1024x768.jpeg 1024w, https:\/\/nordiccrane.com\/se\/wp-content\/uploads\/sites\/3\/2026\/02\/bild-20251203-143530-73094b7d-1-768x576.jpeg 768w, https:\/\/nordiccrane.com\/se\/wp-content\/uploads\/sites\/3\/2026\/02\/bild-20251203-143530-73094b7d-1-1536x1152.jpeg 1536w, https:\/\/nordiccrane.com\/se\/wp-content\/uploads\/sites\/3\/2026\/02\/bild-20251203-143530-73094b7d-1-2048x1536.jpeg 2048w\" sizes=\"auto, (max-width: 2560px) 100vw, 2560px\"><\/a><\/figure>\n\n<div class=\"wp-block-post-date\"><time datetime=\"2026-02-11T09:26:34+01:00\">11 februari 2026<\/time><\/div>\n\n<h4 class=\"wp-block-post-title\"><a href=\"https:\/\/nordiccrane.com\/se\/komplekst-uppdrag-i-lysekil\/referensprojekt\/\" target=\"_self\">Komplekst uppdrag i Lysekil<\/a><\/h4>\n\n\n<div style=\"height:10px\" aria-hidden=\"true\" class=\" wp-block-spacer eplus-wrapper\"><\/div>\n\n\n<div class=\"mini-arrow-round wp-block-post-excerpt\"><p class=\"wp-block-post-excerpt__excerpt\">Under december m\u00e5nad har vi genomf\u00f6rt flera transporter in till\u2026<\/p><p class=\"wp-block-post-excerpt__more-text\"><a class=\"wp-block-post-excerpt__more-link\" href=\"https:\/\/nordiccrane.com\/se\/komplekst-uppdrag-i-lysekil\/referensprojekt\/\">L<\/a><\/p><\/div>\n\n\n<div style=\"height:10px\" aria-hidden=\"true\" class=\" wp-block-spacer eplus-wrapper\"><\/div>\n<\/div><\/div>\n\n<\/li><li class=\"wp-block-post post-23044 post type-post status-publish format-standard has-post-thumbnail hentry category-referensprojekt\">\n\n<div class=\"wp-block-group eplus-wrapper\" style=\"padding-top:30px;padding-right:30px;padding-bottom:30px;padding-left:30px\"><div class=\"wp-block-group__inner-container is-layout-flow wp-block-group-is-layout-flow\"><figure style=\"aspect-ratio:3\/2;\" class=\"wp-block-post-featured-image\"><a href=\"https:\/\/nordiccrane.com\/se\/hangarbron-i-trondheim-lyftes-pa-plats\/referensprojekt\/\" target=\"_self\"><img loading=\"lazy\" decoding=\"async\" width=\"1920\" height=\"1080\" src=\"https:\/\/nordiccrane.com\/se\/wp-content\/uploads\/sites\/3\/2025\/07\/nordic_crane_-_leangen_bro-1080p-2-1.00_01_42_26.Still003.jpg\" class=\"attachment-post-thumbnail size-post-thumbnail wp-post-image\" alt=\"Hangarbron i Trondheim lyftes p\u00e5 plats\" style=\"width:100%;height:100%;object-fit:cover;\" srcset=\"https:\/\/nordiccrane.com\/se\/wp-content\/uploads\/sites\/3\/2025\/07\/nordic_crane_-_leangen_bro-1080p-2-1.00_01_42_26.Still003.jpg 1920w, https:\/\/nordiccrane.com\/se\/wp-content\/uploads\/sites\/3\/2025\/07\/nordic_crane_-_leangen_bro-1080p-2-1.00_01_42_26.Still003-300x169.jpg 300w, https:\/\/nordiccrane.com\/se\/wp-content\/uploads\/sites\/3\/2025\/07\/nordic_crane_-_leangen_bro-1080p-2-1.00_01_42_26.Still003-1024x576.jpg 1024w, https:\/\/nordiccrane.com\/se\/wp-content\/uploads\/sites\/3\/2025\/07\/nordic_crane_-_leangen_bro-1080p-2-1.00_01_42_26.Still003-768x432.jpg 768w, https:\/\/nordiccrane.com\/se\/wp-content\/uploads\/sites\/3\/2025\/07\/nordic_crane_-_leangen_bro-1080p-2-1.00_01_42_26.Still003-1536x864.jpg 1536w\" sizes=\"auto, (max-width: 1920px) 100vw, 1920px\"><\/a><\/figure>\n\n<div class=\"wp-block-post-date\"><time datetime=\"2025-07-04T10:33:16+02:00\">4 juli 2025<\/time><\/div>\n\n<h4 class=\"wp-block-post-title\"><a href=\"https:\/\/nordiccrane.com\/se\/hangarbron-i-trondheim-lyftes-pa-plats\/referensprojekt\/\" target=\"_self\">Hangarbron i Trondheim lyftes p\u00e5 plats<\/a><\/h4>\n\n\n<div style=\"height:10px\" aria-hidden=\"true\" class=\" wp-block-spacer eplus-wrapper\"><\/div>\n\n\n<div class=\"mini-arrow-round wp-block-post-excerpt\"><p class=\"wp-block-post-excerpt__excerpt\">N\u00e4r Hangarbron skulle lyftas p\u00e5 plats vid Leangen station i\u2026<\/p><p class=\"wp-block-post-excerpt__more-text\"><a class=\"wp-block-post-excerpt__more-link\" href=\"https:\/\/nordiccrane.com\/se\/hangarbron-i-trondheim-lyftes-pa-plats\/referensprojekt\/\">L<\/a><\/p><\/div>\n\n\n<div style=\"height:10px\" aria-hidden=\"true\" class=\" wp-block-spacer eplus-wrapper\"><\/div>\n<\/div><\/div>\n\n<\/li><\/ul><\/div>\n\n\n\n<div style=\"height:100px\" aria-hidden=\"true\" class=\" wp-block-spacer eplus-wrapper\"><\/div>\n\n\n\n<div style=\"height:100px\" aria-hidden=\"true\" class=\"hide-mobile wp-block-spacer eplus-wrapper\"><\/div>\n<\/div>\n<\/div><\/div><\/div>\n<\/div><\/div>\n","protected":false},"excerpt":{"rendered":"<p>OM OSS Om Nordic Crane P\u00e5 Nordic Crane \u00e4r vi engagerade i s\u00e4kerhet, effektivitet och smarta innovativa l\u00f6sningar. Med \u00f6ver 80 \u00e5rs erfarenhet, 350 starka, moderna och effektiva maskiner och 400 professionella och engagerade medarbetare levererar vi tunga lyft, specialtransporter och komplexa uppdrag till hela Skandinavien. Alla typer av tunga lyft Vi \u00e4r en leverant\u00f6r [&hellip;]<\/p>\n","protected":false},"author":1,"featured_media":0,"parent":0,"menu_order":0,"comment_status":"closed","ping_status":"closed","template":"","meta":{"_acf_changed":false,"inline_featured_image":false,"_editorskit_title_hidden":false,"_editorskit_reading_time":0,"_editorskit_is_block_options_detached":false,"_editorskit_block_options_position":"{}","editor_plus_copied_stylings":"{}","footnotes":""},"class_list":["post-20046","page","type-page","status-publish","hentry"],"acf":[],"featured_image_src":null,"yoast_head":"<!-- This site is optimized with the Yoast SEO plugin v27.4 - https:\/\/yoast.com\/product\/yoast-seo-wordpress\/ -->\n<title>Om oss - Nordic Crane Sverige<\/title>\n<meta name=\"robots\" content=\"index, follow, max-snippet:-1, max-image-preview:large, max-video-preview:-1\" \/>\n<link rel=\"canonical\" href=\"https:\/\/nordiccrane.com\/se\/om-oss\/\" \/>\n<meta property=\"og:locale\" content=\"sv_SE\" \/>\n<meta property=\"og:type\" content=\"article\" \/>\n<meta property=\"og:title\" content=\"Om Nordic Crane\" \/>\n<meta property=\"og:description\" content=\"P\u00e5 Nordic Crane \u00e4r vi engagerade i s\u00e4kerhet, effektivitet och smarta innovativa l\u00f6sningar.\" \/>\n<meta property=\"og:url\" content=\"https:\/\/nordiccrane.com\/se\/om-oss\/\" \/>\n<meta property=\"og:site_name\" content=\"Nordic Crane Sverige\" \/>\n<meta property=\"article:modified_time\" content=\"2026-03-05T09:18:31+00:00\" \/>\n<meta property=\"og:image\" content=\"https:\/\/nordiccrane.com\/se\/wp-content\/uploads\/sites\/3\/2024\/02\/231120-_B201652-332-2-scaled.jpg\" \/>\n\t<meta property=\"og:image:width\" content=\"2560\" \/>\n\t<meta property=\"og:image:height\" content=\"1920\" \/>\n\t<meta property=\"og:image:type\" content=\"image\/jpeg\" \/>\n<meta name=\"twitter:card\" content=\"summary_large_image\" \/>\n<meta name=\"twitter:label1\" content=\"Ber\u00e4knad l\u00e4stid\" \/>\n\t<meta name=\"twitter:data1\" content=\"3 minuter\" \/>\n<script type=\"application\/ld+json\" class=\"yoast-schema-graph\">{\"@context\":\"https:\\\/\\\/schema.org\",\"@graph\":[{\"@type\":\"WebPage\",\"@id\":\"https:\\\/\\\/nordiccrane.com\\\/se\\\/om-oss\\\/\",\"url\":\"https:\\\/\\\/nordiccrane.com\\\/se\\\/om-oss\\\/\",\"name\":\"Om oss - Nordic Crane Sverige\",\"isPartOf\":{\"@id\":\"https:\\\/\\\/nordiccrane.com\\\/se\\\/#website\"},\"primaryImageOfPage\":{\"@id\":\"https:\\\/\\\/nordiccrane.com\\\/se\\\/om-oss\\\/#primaryimage\"},\"image\":{\"@id\":\"https:\\\/\\\/nordiccrane.com\\\/se\\\/om-oss\\\/#primaryimage\"},\"thumbnailUrl\":\"https:\\\/\\\/nordiccrane.com\\\/no\\\/wp-content\\\/uploads\\\/sites\\\/2\\\/2024\\\/01\\\/231120-_B201649-329-2-1-edited-1-1024x640.jpg\",\"datePublished\":\"2023-12-06T11:44:31+00:00\",\"dateModified\":\"2026-03-05T09:18:31+00:00\",\"breadcrumb\":{\"@id\":\"https:\\\/\\\/nordiccrane.com\\\/se\\\/om-oss\\\/#breadcrumb\"},\"inLanguage\":\"sv-SE\",\"potentialAction\":[{\"@type\":\"ReadAction\",\"target\":[\"https:\\\/\\\/nordiccrane.com\\\/se\\\/om-oss\\\/\"]}]},{\"@type\":\"ImageObject\",\"inLanguage\":\"sv-SE\",\"@id\":\"https:\\\/\\\/nordiccrane.com\\\/se\\\/om-oss\\\/#primaryimage\",\"url\":\"https:\\\/\\\/nordiccrane.com\\\/no\\\/wp-content\\\/uploads\\\/sites\\\/2\\\/2024\\\/01\\\/231120-_B201649-329-2-1-edited-1-1024x640.jpg\",\"contentUrl\":\"https:\\\/\\\/nordiccrane.com\\\/no\\\/wp-content\\\/uploads\\\/sites\\\/2\\\/2024\\\/01\\\/231120-_B201649-329-2-1-edited-1-1024x640.jpg\"},{\"@type\":\"BreadcrumbList\",\"@id\":\"https:\\\/\\\/nordiccrane.com\\\/se\\\/om-oss\\\/#breadcrumb\",\"itemListElement\":[{\"@type\":\"ListItem\",\"position\":1,\"name\":\"Home\",\"item\":\"https:\\\/\\\/nordiccrane.com\\\/se\\\/\"},{\"@type\":\"ListItem\",\"position\":2,\"name\":\"Om oss\"}]},{\"@type\":\"WebSite\",\"@id\":\"https:\\\/\\\/nordiccrane.com\\\/se\\\/#website\",\"url\":\"https:\\\/\\\/nordiccrane.com\\\/se\\\/\",\"name\":\"Nordic Crane Sverige\",\"description\":\"\",\"potentialAction\":[{\"@type\":\"SearchAction\",\"target\":{\"@type\":\"EntryPoint\",\"urlTemplate\":\"https:\\\/\\\/nordiccrane.com\\\/se\\\/?s={search_term_string}\"},\"query-input\":{\"@type\":\"PropertyValueSpecification\",\"valueRequired\":true,\"valueName\":\"search_term_string\"}}],\"inLanguage\":\"sv-SE\"}]}<\/script>\n<!-- \/ Yoast SEO plugin. -->","yoast_head_json":{"title":"Om oss - Nordic Crane Sverige","robots":{"index":"index","follow":"follow","max-snippet":"max-snippet:-1","max-image-preview":"max-image-preview:large","max-video-preview":"max-video-preview:-1"},"canonical":"https:\/\/nordiccrane.com\/se\/om-oss\/","og_locale":"sv_SE","og_type":"article","og_title":"Om Nordic Crane","og_description":"P\u00e5 Nordic Crane \u00e4r vi engagerade i s\u00e4kerhet, effektivitet och smarta innovativa l\u00f6sningar.","og_url":"https:\/\/nordiccrane.com\/se\/om-oss\/","og_site_name":"Nordic Crane Sverige","article_modified_time":"2026-03-05T09:18:31+00:00","og_image":[{"width":2560,"height":1920,"url":"https:\/\/nordiccrane.com\/se\/wp-content\/uploads\/sites\/3\/2024\/02\/231120-_B201652-332-2-scaled.jpg","type":"image\/jpeg"}],"twitter_card":"summary_large_image","twitter_misc":{"Ber\u00e4knad l\u00e4stid":"3 minuter"},"schema":{"@context":"https:\/\/schema.org","@graph":[{"@type":"WebPage","@id":"https:\/\/nordiccrane.com\/se\/om-oss\/","url":"https:\/\/nordiccrane.com\/se\/om-oss\/","name":"Om oss - Nordic Crane Sverige","isPartOf":{"@id":"https:\/\/nordiccrane.com\/se\/#website"},"primaryImageOfPage":{"@id":"https:\/\/nordiccrane.com\/se\/om-oss\/#primaryimage"},"image":{"@id":"https:\/\/nordiccrane.com\/se\/om-oss\/#primaryimage"},"thumbnailUrl":"https:\/\/nordiccrane.com\/no\/wp-content\/uploads\/sites\/2\/2024\/01\/231120-_B201649-329-2-1-edited-1-1024x640.jpg","datePublished":"2023-12-06T11:44:31+00:00","dateModified":"2026-03-05T09:18:31+00:00","breadcrumb":{"@id":"https:\/\/nordiccrane.com\/se\/om-oss\/#breadcrumb"},"inLanguage":"sv-SE","potentialAction":[{"@type":"ReadAction","target":["https:\/\/nordiccrane.com\/se\/om-oss\/"]}]},{"@type":"ImageObject","inLanguage":"sv-SE","@id":"https:\/\/nordiccrane.com\/se\/om-oss\/#primaryimage","url":"https:\/\/nordiccrane.com\/no\/wp-content\/uploads\/sites\/2\/2024\/01\/231120-_B201649-329-2-1-edited-1-1024x640.jpg","contentUrl":"https:\/\/nordiccrane.com\/no\/wp-content\/uploads\/sites\/2\/2024\/01\/231120-_B201649-329-2-1-edited-1-1024x640.jpg"},{"@type":"BreadcrumbList","@id":"https:\/\/nordiccrane.com\/se\/om-oss\/#breadcrumb","itemListElement":[{"@type":"ListItem","position":1,"name":"Home","item":"https:\/\/nordiccrane.com\/se\/"},{"@type":"ListItem","position":2,"name":"Om oss"}]},{"@type":"WebSite","@id":"https:\/\/nordiccrane.com\/se\/#website","url":"https:\/\/nordiccrane.com\/se\/","name":"Nordic Crane Sverige","description":"","potentialAction":[{"@type":"SearchAction","target":{"@type":"EntryPoint","urlTemplate":"https:\/\/nordiccrane.com\/se\/?s={search_term_string}"},"query-input":{"@type":"PropertyValueSpecification","valueRequired":true,"valueName":"search_term_string"}}],"inLanguage":"sv-SE"}]}},"_links":{"self":[{"href":"https:\/\/nordiccrane.com\/se\/wp-json\/wp\/v2\/pages\/20046","targetHints":{"allow":["GET"]}}],"collection":[{"href":"https:\/\/nordiccrane.com\/se\/wp-json\/wp\/v2\/pages"}],"about":[{"href":"https:\/\/nordiccrane.com\/se\/wp-json\/wp\/v2\/types\/page"}],"author":[{"embeddable":true,"href":"https:\/\/nordiccrane.com\/se\/wp-json\/wp\/v2\/users\/1"}],"replies":[{"embeddable":true,"href":"https:\/\/nordiccrane.com\/se\/wp-json\/wp\/v2\/comments?post=20046"}],"version-history":[{"count":17,"href":"https:\/\/nordiccrane.com\/se\/wp-json\/wp\/v2\/pages\/20046\/revisions"}],"predecessor-version":[{"id":23476,"href":"https:\/\/nordiccrane.com\/se\/wp-json\/wp\/v2\/pages\/20046\/revisions\/23476"}],"wp:attachment":[{"href":"https:\/\/nordiccrane.com\/se\/wp-json\/wp\/v2\/media?parent=20046"}],"curies":[{"name":"wp","href":"https:\/\/api.w.org\/{rel}","templated":true}]}}